{"id":15069,"date":"2025-10-17T18:21:30","date_gmt":"2025-10-17T16:21:30","guid":{"rendered":"https:\/\/miralles1986.com\/?post_type=product&#038;p=15069"},"modified":"2026-03-11T13:46:04","modified_gmt":"2026-03-11T12:46:04","slug":"abrigo-franz-lana-doble-camel-aspesi","status":"publish","type":"product","link":"https:\/\/www.marodadesign.es\/miralles\/producto\/abrigo-franz-lana-doble-camel-aspesi\/","title":{"rendered":"Abrigo Franz Lana Doble Camel Aspesi"},"content":{"rendered":"<p data-start=\"449\" data-end=\"733\"><strong data-start=\"452\" data-end=\"484\">El abrigo Franz Lana Doble Camel de <a href=\"https:\/\/www.marodadesign.es\/miralles\/marca\/aspesi\/\">Aspesi<\/a><\/strong> es una pieza emblem\u00e1tica de su colecci\u00f3n pr\u00eat-\u00e0-porter, confeccionado en lana virgen doble que aporta aislamiento t\u00e9rmico sin volumen excesivo. Su estructura depurada destaca por l\u00edneas limpias, solapas definidas y un corte recto que favorece tanto looks formales como m\u00e1s casuales.<\/p>\n<p data-start=\"856\" data-end=\"1153\">Dise\u00f1ado con atenci\u00f3n al detalle, este abrigo incluye un cierre frontal mediante botones ocultos para mantener la elegancia visual, adem\u00e1s de bolsillos laterales generosos. El interior no est\u00e1 completamente forrado, permitiendo apreciar la calidad de la lana doble y otorgando una ca\u00edda natural.<\/p>\n<p data-start=\"1155\" data-end=\"1290\">Una prenda ideal para quienes buscan un abrigo sofisticado, funcional y con un car\u00e1cter duradero, propio del dise\u00f1o italiano de Aspesi.<\/p>\n<p data-start=\"974\" data-end=\"1175\">Disponible en <a href=\"https:\/\/www.marodadesign.es\/miralles\"><strong data-start=\"988\" data-end=\"1005\">Miralles 1986<\/strong><\/a>, esta prenda forma parte de una selecci\u00f3n exclusiva de moda masculina de primeras marcas, perfecta para quienes aprecian el dise\u00f1o refinado y la calidad en cada detalle.<\/p>\n<h3 data-start=\"1297\" data-end=\"1330\"><strong data-start=\"1297\" data-end=\"1328\">Caracter\u00edsticas:<\/strong><\/h3>\n<ul data-start=\"1331\" data-end=\"1657\">\n<li data-start=\"1331\" data-end=\"1348\">\n<p data-start=\"1333\" data-end=\"1348\">Modelo: Franz<\/p>\n<\/li>\n<li data-start=\"1349\" data-end=\"1366\">\n<p data-start=\"1351\" data-end=\"1366\">Marca: Aspesi<\/p>\n<\/li>\n<li data-start=\"1367\" data-end=\"1416\">\n<p data-start=\"1369\" data-end=\"1416\">Material exterior: lana doble de alta calidad<\/p>\n<\/li>\n<li data-start=\"1417\" data-end=\"1448\">\n<p data-start=\"1419\" data-end=\"1448\">Corte: recto \/ estructurado<\/p>\n<\/li>\n<li data-start=\"1449\" data-end=\"1476\">\n<p data-start=\"1451\" data-end=\"1476\">Cierre: botones ocultos<\/p>\n<\/li>\n<li data-start=\"1477\" data-end=\"1515\">\n<p data-start=\"1479\" data-end=\"1515\">Bolsillos: dos bolsillos laterales<\/p>\n<\/li>\n<li data-start=\"1516\" data-end=\"1562\">\n<p data-start=\"1518\" data-end=\"1562\">Forro parcial: interior con acabado limpio<\/p>\n<\/li>\n<li data-start=\"1563\" data-end=\"1606\">\n<p data-start=\"1565\" data-end=\"1606\">Estilo: elegante, funcional y atemporal<\/p>\n<\/li>\n<li data-start=\"1607\" data-end=\"1657\">\n<p data-start=\"1609\" data-end=\"1657\">Fabricaci\u00f3n: dise\u00f1o de lujo con sello italiano<\/p>\n<\/li>\n<\/ul>\n<h3 data-start=\"974\" data-end=\"1175\"><strong style=\"font-size: 16px;\" data-start=\"452\" data-end=\"484\"><strong data-start=\"452\" data-end=\"484\">El abrigo Franz Lana Doble Camel de <a href=\"https:\/\/www.marodadesign.es\/miralles\/marca\/aspesi\/\">Aspesi<\/a><\/strong> est\u00e1 disponible en el cat\u00e1logo de Oto\u00f1o Invierno de <a href=\"https:\/\/www.marodadesign.es\/miralles\">Miralles 1986<\/a>.<\/strong><\/h3>\n","protected":false},"excerpt":{"rendered":"<p data-start=\"227\" data-end=\"444\">Abrigo Franz de Aspesi confeccionado en lana doble de alta calidad. Dise\u00f1o estructurado y elegante que combina abrigo, ligereza y un estilo atemporal para lucir en diferentes \u00e9pocas del a\u00f1o.<\/p>\n","protected":false},"featured_media":15078,"comment_status":"closed","ping_status":"closed","template":"","meta":[],"pwb-brand":[744],"product_brand":[818],"product_cat":[772,167,168],"product_tag":[805,955,932,755,842],"class_list":["post-15069","product","type-product","status-publish","has-post-thumbnail","pwb-brand-aspesi","product_brand-tienda-miralles","product_cat-chaquetas-de-vestir","product_cat-chaquetas","product_cat-ropa","product_tag-aspesi","product_tag-aspesi-aw25","product_tag-chaquetas-de-vestir","product_tag-moda-hombre","product_tag-otono-invierno-2025","pa_color-camel","pa_composicion-lana","pa_tamano-67","pa_tamano-69","pa_tamano-71","pa_tamano-73","pa_tamano-75","pa_tamano-77","first","instock","featured","sold-individually","taxable","shipping-taxable","purchasable","product-type-variable"],"yoast_head":"<!-- This site is optimized with the Yoast SEO plugin v28.3 - https:\/\/yoast.com\/product\/yoast-seo-wordpress\/ -->\n<title>Abrigo Franz Lana Doble Camel Aspesi - Miralles STAGING<\/title>\n<meta name=\"description\" content=\"El abrigo Franz Lana Doble Camel de Aspesi es una pieza emblem\u00e1tica de su colecci\u00f3n pr\u00eat-\u00e0-porter, confeccionado en lana virgen doble.\" \/>\n<meta name=\"robots\" content=\"noindex, follow, max-snippet:-1, max-image-preview:large, max-video-preview:-1\" \/>\n<meta property=\"og:locale\" content=\"es_ES\" \/>\n<meta property=\"og:type\" content=\"article\" \/>\n<meta property=\"og:title\" content=\"Abrigo Franz Lana Doble Camel Aspesi - Miralles STAGING\" \/>\n<meta property=\"og:description\" content=\"El abrigo Franz Lana Doble Camel de Aspesi es una pieza emblem\u00e1tica de su colecci\u00f3n pr\u00eat-\u00e0-porter, confeccionado en lana virgen doble.\" \/>\n<meta property=\"og:url\" content=\"https:\/\/www.marodadesign.es\/miralles\/producto\/abrigo-franz-lana-doble-camel-aspesi\/\" \/>\n<meta property=\"og:site_name\" content=\"Miralles STAGING\" \/>\n<meta property=\"article:publisher\" content=\"https:\/\/www.facebook.com\/miralles1986\" \/>\n<meta property=\"article:modified_time\" content=\"2026-03-11T12:46:04+00:00\" \/>\n<meta property=\"og:image\" content=\"https:\/\/www.marodadesign.es\/miralles\/wp-content\/uploads\/2025\/10\/abrigo-franklin-aspesi-marron-W5_A_AC43_P517_DO_12098_0004.jpg\" \/>\n\t<meta property=\"og:image:width\" content=\"1000\" \/>\n\t<meta property=\"og:image:height\" content=\"1000\" \/>\n\t<meta property=\"og:image:type\" content=\"image\/jpeg\" \/>\n<meta name=\"twitter:card\" content=\"summary_large_image\" \/>\n<meta name=\"twitter:label1\" content=\"Tiempo de lectura\" \/>\n\t<meta name=\"twitter:data1\" content=\"2 minutos\" \/>\n<script type=\"application\/ld+json\" class=\"yoast-schema-graph\">{\"@context\":\"https:\\\/\\\/schema.org\",\"@graph\":[{\"@type\":\"WebPage\",\"@id\":\"https:\\\/\\\/www.marodadesign.es\\\/miralles\\\/producto\\\/abrigo-franz-lana-doble-camel-aspesi\\\/\",\"url\":\"https:\\\/\\\/www.marodadesign.es\\\/miralles\\\/producto\\\/abrigo-franz-lana-doble-camel-aspesi\\\/\",\"name\":\"Abrigo Franz Lana Doble Camel Aspesi - Miralles STAGING\",\"isPartOf\":{\"@id\":\"https:\\\/\\\/www.marodadesign.es\\\/miralles\\\/#website\"},\"primaryImageOfPage\":{\"@id\":\"https:\\\/\\\/www.marodadesign.es\\\/miralles\\\/producto\\\/abrigo-franz-lana-doble-camel-aspesi\\\/#primaryimage\"},\"image\":{\"@id\":\"https:\\\/\\\/www.marodadesign.es\\\/miralles\\\/producto\\\/abrigo-franz-lana-doble-camel-aspesi\\\/#primaryimage\"},\"thumbnailUrl\":\"https:\\\/\\\/www.marodadesign.es\\\/miralles\\\/wp-content\\\/uploads\\\/2025\\\/10\\\/abrigo-franklin-aspesi-marron-W5_A_AC43_P517_DO_12098_0004.jpg\",\"datePublished\":\"2025-10-17T16:21:30+00:00\",\"dateModified\":\"2026-03-11T12:46:04+00:00\",\"description\":\"El abrigo Franz Lana Doble Camel de Aspesi es una pieza emblem\u00e1tica de su colecci\u00f3n pr\u00eat-\u00e0-porter, confeccionado en lana virgen doble.\",\"breadcrumb\":{\"@id\":\"https:\\\/\\\/www.marodadesign.es\\\/miralles\\\/producto\\\/abrigo-franz-lana-doble-camel-aspesi\\\/#breadcrumb\"},\"inLanguage\":\"es\",\"potentialAction\":[{\"@type\":\"ReadAction\",\"target\":[\"https:\\\/\\\/www.marodadesign.es\\\/miralles\\\/producto\\\/abrigo-franz-lana-doble-camel-aspesi\\\/\"]}]},{\"@type\":\"ImageObject\",\"inLanguage\":\"es\",\"@id\":\"https:\\\/\\\/www.marodadesign.es\\\/miralles\\\/producto\\\/abrigo-franz-lana-doble-camel-aspesi\\\/#primaryimage\",\"url\":\"https:\\\/\\\/www.marodadesign.es\\\/miralles\\\/wp-content\\\/uploads\\\/2025\\\/10\\\/abrigo-franklin-aspesi-marron-W5_A_AC43_P517_DO_12098_0004.jpg\",\"contentUrl\":\"https:\\\/\\\/www.marodadesign.es\\\/miralles\\\/wp-content\\\/uploads\\\/2025\\\/10\\\/abrigo-franklin-aspesi-marron-W5_A_AC43_P517_DO_12098_0004.jpg\",\"width\":1000,\"height\":1000,\"caption\":\"Abrigo Franz Lana Doble Camel Aspesi\"},{\"@type\":\"BreadcrumbList\",\"@id\":\"https:\\\/\\\/www.marodadesign.es\\\/miralles\\\/producto\\\/abrigo-franz-lana-doble-camel-aspesi\\\/#breadcrumb\",\"itemListElement\":[{\"@type\":\"ListItem\",\"position\":1,\"name\":\"Portada\",\"item\":\"https:\\\/\\\/www.marodadesign.es\\\/miralles\\\/\"},{\"@type\":\"ListItem\",\"position\":2,\"name\":\"Ropa de lujo para hombre | Stone Island, Y-3, C.P. Company\",\"item\":\"https:\\\/\\\/www.marodadesign.es\\\/miralles\\\/tienda\\\/\"},{\"@type\":\"ListItem\",\"position\":3,\"name\":\"Abrigo Franz Lana Doble Camel Aspesi\"}]},{\"@type\":\"WebSite\",\"@id\":\"https:\\\/\\\/www.marodadesign.es\\\/miralles\\\/#website\",\"url\":\"https:\\\/\\\/www.marodadesign.es\\\/miralles\\\/\",\"name\":\"Miralles 1986\",\"description\":\"Moda masculina de lujo en Valencia\",\"publisher\":{\"@id\":\"https:\\\/\\\/www.marodadesign.es\\\/miralles\\\/#organization\"},\"potentialAction\":[{\"@type\":\"SearchAction\",\"target\":{\"@type\":\"EntryPoint\",\"urlTemplate\":\"https:\\\/\\\/www.marodadesign.es\\\/miralles\\\/?s={search_term_string}\"},\"query-input\":{\"@type\":\"PropertyValueSpecification\",\"valueRequired\":true,\"valueName\":\"search_term_string\"}}],\"inLanguage\":\"es\"},{\"@type\":\"Organization\",\"@id\":\"https:\\\/\\\/www.marodadesign.es\\\/miralles\\\/#organization\",\"name\":\"Miralles 1986\",\"alternateName\":\"Miralles\",\"url\":\"https:\\\/\\\/www.marodadesign.es\\\/miralles\\\/\",\"logo\":{\"@type\":\"ImageObject\",\"inLanguage\":\"es\",\"@id\":\"https:\\\/\\\/www.marodadesign.es\\\/miralles\\\/#\\\/schema\\\/logo\\\/image\\\/\",\"url\":\"https:\\\/\\\/www.marodadesign.es\\\/miralles\\\/wp-content\\\/uploads\\\/2024\\\/09\\\/logo-miralles-1986-pequeno-bl.png\",\"contentUrl\":\"https:\\\/\\\/www.marodadesign.es\\\/miralles\\\/wp-content\\\/uploads\\\/2024\\\/09\\\/logo-miralles-1986-pequeno-bl.png\",\"width\":201,\"height\":73,\"caption\":\"Miralles 1986\"},\"image\":{\"@id\":\"https:\\\/\\\/www.marodadesign.es\\\/miralles\\\/#\\\/schema\\\/logo\\\/image\\\/\"},\"sameAs\":[\"https:\\\/\\\/www.facebook.com\\\/miralles1986\",\"https:\\\/\\\/www.instagram.com\\\/miralles1986_\\\/\"]}]}<\/script>\n<!-- \/ Yoast SEO plugin. -->","yoast_head_json":{"title":"Abrigo Franz Lana Doble Camel Aspesi - Miralles STAGING","description":"El abrigo Franz Lana Doble Camel de Aspesi es una pieza emblem\u00e1tica de su colecci\u00f3n pr\u00eat-\u00e0-porter, confeccionado en lana virgen doble.","robots":{"index":"noindex","follow":"follow","max-snippet":"max-snippet:-1","max-image-preview":"max-image-preview:large","max-video-preview":"max-video-preview:-1"},"og_locale":"es_ES","og_type":"article","og_title":"Abrigo Franz Lana Doble Camel Aspesi - Miralles STAGING","og_description":"El abrigo Franz Lana Doble Camel de Aspesi es una pieza emblem\u00e1tica de su colecci\u00f3n pr\u00eat-\u00e0-porter, confeccionado en lana virgen doble.","og_url":"https:\/\/www.marodadesign.es\/miralles\/producto\/abrigo-franz-lana-doble-camel-aspesi\/","og_site_name":"Miralles STAGING","article_publisher":"https:\/\/www.facebook.com\/miralles1986","article_modified_time":"2026-03-11T12:46:04+00:00","og_image":[{"width":1000,"height":1000,"url":"https:\/\/www.marodadesign.es\/miralles\/wp-content\/uploads\/2025\/10\/abrigo-franklin-aspesi-marron-W5_A_AC43_P517_DO_12098_0004.jpg","type":"image\/jpeg"}],"twitter_card":"summary_large_image","twitter_misc":{"Tiempo de lectura":"2 minutos"},"schema":{"@context":"https:\/\/schema.org","@graph":[{"@type":"WebPage","@id":"https:\/\/www.marodadesign.es\/miralles\/producto\/abrigo-franz-lana-doble-camel-aspesi\/","url":"https:\/\/www.marodadesign.es\/miralles\/producto\/abrigo-franz-lana-doble-camel-aspesi\/","name":"Abrigo Franz Lana Doble Camel Aspesi - Miralles STAGING","isPartOf":{"@id":"https:\/\/www.marodadesign.es\/miralles\/#website"},"primaryImageOfPage":{"@id":"https:\/\/www.marodadesign.es\/miralles\/producto\/abrigo-franz-lana-doble-camel-aspesi\/#primaryimage"},"image":{"@id":"https:\/\/www.marodadesign.es\/miralles\/producto\/abrigo-franz-lana-doble-camel-aspesi\/#primaryimage"},"thumbnailUrl":"https:\/\/www.marodadesign.es\/miralles\/wp-content\/uploads\/2025\/10\/abrigo-franklin-aspesi-marron-W5_A_AC43_P517_DO_12098_0004.jpg","datePublished":"2025-10-17T16:21:30+00:00","dateModified":"2026-03-11T12:46:04+00:00","description":"El abrigo Franz Lana Doble Camel de Aspesi es una pieza emblem\u00e1tica de su colecci\u00f3n pr\u00eat-\u00e0-porter, confeccionado en lana virgen doble.","breadcrumb":{"@id":"https:\/\/www.marodadesign.es\/miralles\/producto\/abrigo-franz-lana-doble-camel-aspesi\/#breadcrumb"},"inLanguage":"es","potentialAction":[{"@type":"ReadAction","target":["https:\/\/www.marodadesign.es\/miralles\/producto\/abrigo-franz-lana-doble-camel-aspesi\/"]}]},{"@type":"ImageObject","inLanguage":"es","@id":"https:\/\/www.marodadesign.es\/miralles\/producto\/abrigo-franz-lana-doble-camel-aspesi\/#primaryimage","url":"https:\/\/www.marodadesign.es\/miralles\/wp-content\/uploads\/2025\/10\/abrigo-franklin-aspesi-marron-W5_A_AC43_P517_DO_12098_0004.jpg","contentUrl":"https:\/\/www.marodadesign.es\/miralles\/wp-content\/uploads\/2025\/10\/abrigo-franklin-aspesi-marron-W5_A_AC43_P517_DO_12098_0004.jpg","width":1000,"height":1000,"caption":"Abrigo Franz Lana Doble Camel Aspesi"},{"@type":"BreadcrumbList","@id":"https:\/\/www.marodadesign.es\/miralles\/producto\/abrigo-franz-lana-doble-camel-aspesi\/#breadcrumb","itemListElement":[{"@type":"ListItem","position":1,"name":"Portada","item":"https:\/\/www.marodadesign.es\/miralles\/"},{"@type":"ListItem","position":2,"name":"Ropa de lujo para hombre | Stone Island, Y-3, C.P. Company","item":"https:\/\/www.marodadesign.es\/miralles\/tienda\/"},{"@type":"ListItem","position":3,"name":"Abrigo Franz Lana Doble Camel Aspesi"}]},{"@type":"WebSite","@id":"https:\/\/www.marodadesign.es\/miralles\/#website","url":"https:\/\/www.marodadesign.es\/miralles\/","name":"Miralles 1986","description":"Moda masculina de lujo en Valencia","publisher":{"@id":"https:\/\/www.marodadesign.es\/miralles\/#organization"},"potentialAction":[{"@type":"SearchAction","target":{"@type":"EntryPoint","urlTemplate":"https:\/\/www.marodadesign.es\/miralles\/?s={search_term_string}"},"query-input":{"@type":"PropertyValueSpecification","valueRequired":true,"valueName":"search_term_string"}}],"inLanguage":"es"},{"@type":"Organization","@id":"https:\/\/www.marodadesign.es\/miralles\/#organization","name":"Miralles 1986","alternateName":"Miralles","url":"https:\/\/www.marodadesign.es\/miralles\/","logo":{"@type":"ImageObject","inLanguage":"es","@id":"https:\/\/www.marodadesign.es\/miralles\/#\/schema\/logo\/image\/","url":"https:\/\/www.marodadesign.es\/miralles\/wp-content\/uploads\/2024\/09\/logo-miralles-1986-pequeno-bl.png","contentUrl":"https:\/\/www.marodadesign.es\/miralles\/wp-content\/uploads\/2024\/09\/logo-miralles-1986-pequeno-bl.png","width":201,"height":73,"caption":"Miralles 1986"},"image":{"@id":"https:\/\/www.marodadesign.es\/miralles\/#\/schema\/logo\/image\/"},"sameAs":["https:\/\/www.facebook.com\/miralles1986","https:\/\/www.instagram.com\/miralles1986_\/"]}]}},"brands":[{"id":744,"name":"Aspesi","slug":"aspesi"}],"_links":{"self":[{"href":"https:\/\/www.marodadesign.es\/miralles\/wp-json\/wp\/v2\/product\/15069","targetHints":{"allow":["GET"]}}],"collection":[{"href":"https:\/\/www.marodadesign.es\/miralles\/wp-json\/wp\/v2\/product"}],"about":[{"href":"https:\/\/www.marodadesign.es\/miralles\/wp-json\/wp\/v2\/types\/product"}],"replies":[{"embeddable":true,"href":"https:\/\/www.marodadesign.es\/miralles\/wp-json\/wp\/v2\/comments?post=15069"}],"wp:featuredmedia":[{"embeddable":true,"href":"https:\/\/www.marodadesign.es\/miralles\/wp-json\/wp\/v2\/media\/15078"}],"wp:attachment":[{"href":"https:\/\/www.marodadesign.es\/miralles\/wp-json\/wp\/v2\/media?parent=15069"}],"wp:term":[{"taxonomy":"pwb-brand","embeddable":true,"href":"https:\/\/www.marodadesign.es\/miralles\/wp-json\/wp\/v2\/pwb-brand?post=15069"},{"taxonomy":"product_brand","embeddable":true,"href":"https:\/\/www.marodadesign.es\/miralles\/wp-json\/wp\/v2\/product_brand?post=15069"},{"taxonomy":"product_cat","embeddable":true,"href":"https:\/\/www.marodadesign.es\/miralles\/wp-json\/wp\/v2\/product_cat?post=15069"},{"taxonomy":"product_tag","embeddable":true,"href":"https:\/\/www.marodadesign.es\/miralles\/wp-json\/wp\/v2\/product_tag?post=15069"}],"curies":[{"name":"wp","href":"https:\/\/api.w.org\/{rel}","templated":true}]}}